{"id":1151,"date":"2020-05-21T13:39:01","date_gmt":"2020-05-21T13:39:01","guid":{"rendered":"https:\/\/qrmodul.ch\/ueber-uns\/"},"modified":"2021-08-17T15:34:19","modified_gmt":"2021-08-17T15:34:19","slug":"a-propos-de-nous","status":"publish","type":"page","link":"https:\/\/qrmodul.ch\/fr\/a-propos-de-nous\/","title":{"rendered":"\u00c0 propos de nous"},"content":{"rendered":"<div id='layer_slider_1'  class='avia-layerslider main_color avia-shadow  avia-builder-el-0  el_before_av_hr  avia-builder-el-first  container_wrap fullsize' style='  height: 251px;' ><\/div><div id='after_layer_slider_1'  class='main_color av_default_container_wrap container_wrap fullsize' style=' '  ><div class='container' ><div class='template-page content  av-content-full alpha units'><div class='post-entry post-entry-type-page post-entry-1151'><div class='entry-content-wrapper clearfix'>\n<div  style='height:50px' class='hr hr-invisible   avia-builder-el-1  el_after_av_layerslider  el_before_av_one_full  avia-builder-el-first '><span class='hr-inner ' ><span class='hr-inner-style'><\/span><\/span><\/div>\n<div class=\"flex_column av_one_full  av-animated-generic left-to-right  flex_column_div first  avia-builder-el-2  el_after_av_hr  el_before_av_one_full  \" style='background: rgba(131,168,70,0.2); box-shadow: 0 0 10px 0 #000000; padding:15px; background-color:rgba(131,168,70,0.2); border-radius:0px; '><p><div  style='padding-bottom:10px; ' class='av-special-heading av-special-heading-h1  blockquote modern-quote  avia-builder-el-3  el_before_av_textblock  avia-builder-el-first  '><h1 class='av-special-heading-tag '  itemprop=\"headline\"  >Notre vision<\/h1><div class='special-heading-border'><div class='special-heading-inner-border' ><\/div><\/div><\/div><br \/>\n<section class=\"av_textblock_section \"  itemscope=\"itemscope\" itemtype=\"https:\/\/schema.org\/CreativeWork\" ><div class='avia_textblock  av_inherit_color '  style='font-size:24px; color:#28502e; '  itemprop=\"text\" ><p>La vie est d\u00e9j\u00e0 assez compliqu\u00e9e. Nous pensons que les t\u00e2ches administratives, telles que la facturation, doivent \u00eatre effectu\u00e9es le plus simplement, le moins cher et le plus rapidement possible.\u00a0 Cela vous laisse plus de temps pour les choses importantes.<\/p>\n<\/div><\/section><\/p><\/div>\n<div class=\"flex_column av_one_full  av-animated-generic right-to-left  flex_column_div av-zero-column-padding first  avia-builder-el-5  el_after_av_one_full  el_before_av_hr  column-top-margin\" style='border-radius:0px; '><p><div  style='padding-bottom:10px; ' class='av-special-heading av-special-heading-h2  blockquote modern-quote  avia-builder-el-6  el_before_av_textblock  avia-builder-el-first  '><h2 class='av-special-heading-tag '  itemprop=\"headline\"  >L\u2019histoire du Module QR<\/h2><div class='special-heading-border'><div class='special-heading-inner-border' ><\/div><\/div><\/div><br \/>\n<section class=\"av_textblock_section \"  itemscope=\"itemscope\" itemtype=\"https:\/\/schema.org\/CreativeWork\" ><div class='avia_textblock  '   itemprop=\"text\" ><p>En tant que chef de projet pour l&rsquo;introduction de la QR-facture chez SIX Group AG, le propri\u00e9taire de la proc\u00e9dure QR, Beni Schwarzenbach s&rsquo;est vite rendu compte que de nombreux \u00e9metteurs de factures, \u00e0 savoir des PME, des entreprises individuelles, des associations et des organisations de dons, recherchaient un moyen simple et peu compliqu\u00e9 de cr\u00e9er des factures. En raison du manque d&rsquo;alternatives, beaucoup d&rsquo;entre eux s&rsquo;appuient maintenant sur des solutions logicielles ERP. Cependant, ces derniers pr\u00e9sentent de nombreux inconv\u00e9nients, entre autres parce qu&rsquo;ils contiennent des fonctions dont l&rsquo;utilisateur n&rsquo;a pas du tout besoin, mais qu&rsquo;il doit quand m\u00eame payer. Module QR s&rsquo;est fix\u00e9 pour objectif de proposer une solution sur mesure, adapt\u00e9e \u00e0 vos besoins.<\/p>\n<\/div><\/section><\/p><\/div>\n<div  style='height:50px' class='hr hr-invisible   avia-builder-el-8  el_after_av_one_full  el_before_av_one_full '><span class='hr-inner ' ><span class='hr-inner-style'><\/span><\/span><\/div>\n<div class=\"flex_column av_one_full  flex_column_div av-zero-column-padding first  avia-builder-el-9  el_after_av_hr  el_before_av_hr  \" style='border-radius:0px; '><p><div  style='padding-bottom:10px; ' class='av-special-heading av-special-heading-h2  blockquote modern-quote  avia-builder-el-10  el_before_av_textblock  avia-builder-el-first  '><h2 class='av-special-heading-tag '  itemprop=\"headline\"  >Module QR &#8211; La solution la plus simple pour vos factures<\/h2><div class='special-heading-border'><div class='special-heading-inner-border' ><\/div><\/div><\/div><br \/>\n<section class=\"av_textblock_section \"  itemscope=\"itemscope\" itemtype=\"https:\/\/schema.org\/CreativeWork\" ><div class='avia_textblock  '   itemprop=\"text\" ><p>M\u00eame une br\u00e8ve s\u00e9lection des aspects les plus importants illustre les avantages \u00e9vidents que Module QR vous offre par rapport aux solutions logicielles ERP:<\/p>\n<\/div><\/section><br \/>\n<div   data-autoplay='true'  data-interval='6'  data-animation='slide'  data-show_slide_delay='30'  class='avia-content-slider-element-container avia-content-slider-element-slider avia-content-slider avia-smallarrow-slider avia-content-slider-active avia-content-slider1 avia-content-slider-odd  avia-builder-el-12  el_after_av_textblock  avia-builder-el-last  ' ><div class='avia-smallarrow-slider-heading  no-content-slider-heading '><div class='new-special-heading'>&nbsp;<\/div><div class='avia-slideshow-arrows avia-slideshow-controls'><a href='#prev' class='prev-slide' aria-hidden='true' data-av_icon='\ue87c' data-av_iconfont='entypo-fontello'>Pr\u00e9c\u00e9dent<\/a><a href='#next' class='next-slide' aria-hidden='true' data-av_icon='\ue87d' data-av_iconfont='entypo-fontello'>Suivant<\/a><\/div><\/div><div class='avia-content-slider-inner'><div class='slide-entry-wrap'><section class='slide-entry flex_column post-entry slide-entry-overview slide-loop-1 slide-parity-odd  av_fullwidth first'  itemscope=\"itemscope\" itemtype=\"https:\/\/schema.org\/CreativeWork\" ><h3 class='slide-entry-title entry-title '  itemprop=\"headline\" >Pas d\u2019installation locale sur un seul PC<\/h3><div class='slide-entry-excerpt entry-content'  itemprop=\"text\" ><p>Inconv\u00e9nient ERP: L&rsquo;installation du logiciel est souvent li\u00e9e \u00e0 un seul endroit, ce qui limite consid\u00e9rablement l&rsquo;acc\u00e8s, par exemple depuis le domicile.<\/p>\n<p><strong>Avantage<\/strong> Module QR: La <strong>solution bas\u00e9e sur le web, y compris le stockage des QR-factures dans le cloud s\u00e9curis\u00e9<\/strong>, vous permet d&rsquo;acc\u00e9der au module QR \u00e0 tout moment et de n&rsquo;importe o\u00f9, avec n&rsquo;importe quel appareil.<\/p>\n<\/div><\/section><\/div><div class='slide-entry-wrap'><section class='slide-entry flex_column post-entry slide-entry-overview slide-loop-2 slide-parity-odd  av_fullwidth first'  itemscope=\"itemscope\" itemtype=\"https:\/\/schema.org\/CreativeWork\" ><h3 class='slide-entry-title entry-title '  itemprop=\"headline\" >Aucun effort de formation<\/h3><div class='slide-entry-excerpt entry-content'  itemprop=\"text\" ><p>Inconv\u00e9nient ERP: Chaque solution logicielle ERP a sa propre logique, que vous et tous les autres utilisateurs de votre entreprise devez apprendre laborieusement. Risque d&rsquo;erreur inclus.<\/p>\n<p><strong>Avantage<\/strong> Module QR: Nos <strong>processus guid\u00e9s par l&rsquo;utilisateur sont con\u00e7us pour \u00eatre simples et intuitifs<\/strong>. M\u00eame si vous n&rsquo;avez pas de connaissances techniques en informatique ou de savoir-faire approfondi en mati\u00e8re de QR-facture, vous pouvez facilement cr\u00e9er des QR-factures corrects avec nous.<\/p>\n<\/div><\/section><\/div><div class='slide-entry-wrap'><section class='slide-entry flex_column post-entry slide-entry-overview slide-loop-3 slide-parity-odd  post-entry-last  av_fullwidth first'  itemscope=\"itemscope\" itemtype=\"https:\/\/schema.org\/CreativeWork\" ><h3 class='slide-entry-title entry-title '  itemprop=\"headline\" >Pas de co\u00fbts fixes rigides<\/h3><div class='slide-entry-excerpt entry-content'  itemprop=\"text\" ><p>Inconv\u00e9nient ERP : Quel que soit le degr\u00e9 d&rsquo;utilisation du logiciel ERP, le prix est fixe.<\/p>\n<p><strong>Avantage<\/strong> Module QR : Avec nos <strong>solutions d&rsquo;abonnement \u00e0 plusieurs niveaux<\/strong>, vous ne payez que ce dont vous avez r\u00e9ellement besoin. Et si, exceptionnellement, vous avez besoin de plus de services, il vous suffit de passer \u00e0 un abonnement de niveau sup\u00e9rieur pour cette p\u00e9riode et, une fois le travail effectu\u00e9, de repasser \u00e0 la version moins ch\u00e8re \u00e0 la fin du mois.<\/p>\n<\/div><\/section><\/div><\/div><\/div><\/p><\/div>\n<div  style='height:50px' class='hr hr-invisible   avia-builder-el-13  el_after_av_one_full  el_before_av_heading '><span class='hr-inner ' ><span class='hr-inner-style'><\/span><\/span><\/div>\n<div  style='padding-bottom:30px; ' class='av-special-heading av-special-heading-h2  blockquote modern-quote  avia-builder-el-14  el_after_av_hr  el_before_av_one_full  '><h2 class='av-special-heading-tag '  itemprop=\"headline\"  >L\u2019\u00e9quipe<\/h2><div class='special-heading-border'><div class='special-heading-inner-border' ><\/div><\/div><\/div>\n<div class=\"flex_column av_one_full  flex_column_div av-zero-column-padding first  avia-builder-el-15  el_after_av_heading  el_before_av_hr  \" style='border-radius:0px; '><section class=\"av_textblock_section \"  itemscope=\"itemscope\" itemtype=\"https:\/\/schema.org\/CreativeWork\" ><div class='avia_textblock  '   itemprop=\"text\" >    \n\n<style>\n    .person-box1{\n        background: #7f7f7f;\n        margin-right: 10px;\n    }\n    \n    .person-box2{\n        background: #134074;\n        margin-left: 10px;\n    }\n    \n    .person-box3{\n        background: #51690d;\n        margin-right: 10px;\n    }\n    \n    .person-box4{\n        background: #8c7051;\n        margin-left: 10px;\n    }\n    \n    .person-box{\n        color:#fff;\n        width: calc(50% - 10px);\n        display: inline-block;\n        vertical-align: top;\n        margin-bottom: 20px;\n        height: 250px;\n        position: relative;\n    }\n    \n    .person-box-inner{\n         padding: 20px;\n    }\n    \n    .person-box1 .person-box-inner, .person-box3 .person-box-inner{\n         padding-right: 110px;\n    }\n    \n    .person-box2 .person-box-inner, .person-box4 .person-box-inner{\n         padding-left: 110px;\n    }\n    \n    .person-box3 .person-box-inner, .person-box4 .person-box-inner{\n       vertical-align: bottom;\n\/*       position: absolute;\n       bottom: 0px;*\/\n       width: 100%;\n    }\n    \n    .person-title{\n        font-size: 22px;\n    }\n    \n    .person-content{\n        font-size: 16px;\n    }\n    \n    .person-content p{\n        margin-bottom: 0px;\n    }\n    \n    .person-box2 *, .person-box4 *{\n        text-align: right;\n    }\n    \n    .preson-photo{\n        position: absolute;\n        border-radius: 50%;\n        border: 5px solid #fff;\n        width: 200px;\n        z-index: 1000;\n        top: 0; left: 0; bottom: 0; right: 0;\n        margin: auto;\n    }\n    \n    #person-boxes{\n        position: relative;\n    }\n    \n    @media(max-width:1024px){\n        .person-box{\n            height: auto;\n            width: 100%;\n            display: block;\n            position: inherit;\n        }\n        \n        .preson-photo{\n            position: inherit;\n            margin: 0 auto 20px;\n            display: block;\n        }\n        \n        .person-box .person-box-inner{\n            position: inherit;\n            padding: 20px!important;\n        }\n        \n        .person-box{\n            margin: 0px 0px 20px 0px;\n        }\n        \n        .person-box *{\n            text-align: left;\n        }\n        \n        .person-name{\n            text-align: center;\n            margin-bottom: 25px;\n        }\n    }\n    \n    .person-team-boxes{\n        position: relative;\n        margin-bottom: 50px;\n    }\n    \n    \n    .person-team-boxes:last-child{\n        margin-bottom: 0px!important;\n    }\n    \n    .person-name2{\n          \n            margin-bottom: 25px;\n            font-weight: normal!important;\n    }\n<\/style>\n<style>\n    #person-b-1415 .person-box{\n        height: 250px;\n    }\n    @media(max-width:1024px){\n        #person-b-1415 .person-box{\n            height: auto!important;;\n        }\n    }\n<\/style>\n<div id=\"person-b-1415\" class=\"person-team-boxes\">\n   <h2 class=\"person-name\">Steckbrief Beni Schwarzenbach<\/h2>\n      <h4 class=\"person-name2\">Gr\u00fcnder \/ VR-Pr\u00e4sident \/ Gesch\u00e4ftsleitung \/ Projektleitung<\/h4>\n      <img decoding=\"async\" class=\"preson-photo\" src=\"https:\/\/qrmodul.ch\/wp-content\/uploads\/2020\/06\/Portrait-Beni.jpg\"> \n   <div class=\"person-boxes\">\n       <div class=\"person-box1 person-box\" style=\"background: \">\n         <div class=\"person-box-inner\">\n            <div class=\"person-title\">Ausbildung<\/div>\n            <div class=\"person-content\">\n               <p>\n                  Wirtschaftsmatura Kantonsschule Hottingen<br \/>\r\nLizenziat (Master) in Politik, Geschichte und Umweltwissenschaften<br \/>\r\nan der Universit\u00e4t Z\u00fcrich<br \/>\r\nAusbildungen Projektleiter:<br \/>\r\n- PRINCE2 Foundation Qualification<br \/>\r\n- IPMA Level C               <\/p>\n            <\/div>\n         <\/div>\n      <\/div><div class=\"person-box2 person-box\" style=\"background: \">\n         <div class=\"person-box-inner\">\n            <div class=\"person-title\">Engagament<\/div>\n            <div class=\"person-content\">\n               <p>\n                  2004 Gr\u00fcndungsmitglied Gr\u00fcnliberale<br \/>\r\n2011-2015 Kantonsrat Kanton Z\u00fcrich und Mitglied der Kommission f\u00fcr Wirtschaft &amp; Abgaben<br \/>\r\nPr\u00e4sident Gr\u00fcnliberale Stadt Z\u00fcrich<br \/>\r\nPr\u00e4sident Verein Stadtgr\u00fcn               <\/p>\n            <\/div>\n         <\/div>\n      <\/div>\n      <div class=\"person-box3 person-box\" style=\"background: \">\n         <div class=\"person-box-inner\">\n            <div class=\"person-title\">Berufserfahrung<\/div>\n            <div class=\"person-content\">\n               <p>\n                  16 Jahre Produktmanager und Projektleiter im Passiv- &amp; Anlagegesch\u00e4ft der Z\u00fcrcher Kantonalbank<br \/>\r\n3 Jahre Produkt- und Relationshipmanager bei der SIX Interbank Clearing AG \/ Projektleiter QR-Rechnung<br \/>\r\nSenior Consultant bei der Boxcon AG               <\/p>\n            <\/div>\n         <\/div>\n      <\/div><div class=\"person-box4 person-box\" style=\"background: \">\n         <div class=\"person-box-inner\">\n            <div class=\"person-title\">Was mir wichtig ist<\/div>\n            <div class=\"person-content\">\n               <p>\n                  Miteinander: Respektvoll &amp; fair<br \/>\r\nKommunikation: Offen &amp; direkt<br \/>\r\nZuverl\u00e4ssigkeit: Abmachungen werden eingehalten<br \/>\r\nVerantwortungsbewusst: Soziale und \u00f6kologische Pflichten wahrnehmen               <\/p>\n            <\/div>\n         <\/div>\n      <\/div> \n   <\/div>\n<\/div>\n\n<style>\n    #person-b-1421 .person-box{\n        height: 250px;\n    }\n    @media(max-width:1024px){\n        #person-b-1421 .person-box{\n            height: auto!important;;\n        }\n    }\n<\/style>\n<div id=\"person-b-1421\" class=\"person-team-boxes\">\n   <h2 class=\"person-name\">Steckbrief Charly Suter<\/h2>\n      <h4 class=\"person-name2\">VR-Vizepr\u00e4sident \/ IT Entwicklung \/ Webdesign<\/h4>\n      <img decoding=\"async\" class=\"preson-photo\" src=\"https:\/\/qrmodul.ch\/wp-content\/uploads\/2020\/07\/Charly_Rund.png\"> \n   <div class=\"person-boxes\">\n       <div class=\"person-box1 person-box\" style=\"background: #7f7f7f\">\n         <div class=\"person-box-inner\">\n            <div class=\"person-title\">Ausbildung<\/div>\n            <div class=\"person-content\">\n               <p>\n                  Bankkaufman<br \/>\r\nMarketing Planer FA &amp; Verkaufskoordinator FA<br \/>\r\nMaster in Marketing Managament<br \/>\r\nLeiter J&amp;S Curling               <\/p>\n            <\/div>\n         <\/div>\n      <\/div><div class=\"person-box2 person-box\" style=\"background: #134074\">\n         <div class=\"person-box-inner\">\n            <div class=\"person-title\">Berufserfahrung<\/div>\n            <div class=\"person-content\">\n               <p>\n                  15 Jahre Produktmanagement, Business Development und Marketing in der Finanzindustrie<br \/>\r\nGr\u00fcnder KMU Digitalisierung GmbH<br \/>\r\nPartner Companymarket AG<br \/>\r\nVRP Schwarzhorn Eischoll AG               <\/p>\n            <\/div>\n         <\/div>\n      <\/div>\n      <div class=\"person-box3 person-box\" style=\"background: #51690d\">\n         <div class=\"person-box-inner\">\n            <div class=\"person-title\">Engagement<\/div>\n            <div class=\"person-content\">\n               <p>\n                  Juniorentrainer\/Cherry Rockers CC Aarau<br \/>\r\nVorstand CC Aarau<br \/>\r\nPr\u00e4sident SKI Club Eischoll<br \/>\r\nVorstand Consulting Cluster, Bern<br \/>\r\nVorstand WIR Network Oberaargau-Solothurn-Olten               <\/p>\n            <\/div>\n         <\/div>\n      <\/div><div class=\"person-box4 person-box\" style=\"background: #8c7051\">\n         <div class=\"person-box-inner\">\n            <div class=\"person-title\">Was mir wichtig ist<\/div>\n            <div class=\"person-content\">\n               <p>\n                  Meine Familie<br \/>\r\nNeues entdecken und entwickeln wirkt eine grossen Reiz<br \/>\r\nFairer Umgang, gerne im Sinn des Spirit of Curling<br \/>\r\nMein pers\u00f6nliche Work-Life-Balance               <\/p>\n            <\/div>\n         <\/div>\n      <\/div> \n   <\/div>\n<\/div>\n\n<style>\n    #person-b-4469 .person-box{\n        height: 250px;\n    }\n    @media(max-width:1024px){\n        #person-b-4469 .person-box{\n            height: auto!important;;\n        }\n    }\n<\/style>\n<div id=\"person-b-4469\" class=\"person-team-boxes\">\n   <h2 class=\"person-name\">Steckbrief Peter Weigelt<\/h2>\n      <h4 class=\"person-name2\">Mitglied des VR \/ Start-up-Engel \/ Vertriebsunterst\u00fctzung<\/h4>\n      <img decoding=\"async\" class=\"preson-photo\" src=\"https:\/\/qrmodul.ch\/wp-content\/uploads\/2021\/07\/Portrait-Peter.jpeg\"> \n   <div class=\"person-boxes\">\n       <div class=\"person-box1 person-box\" style=\"background: \">\n         <div class=\"person-box-inner\">\n            <div class=\"person-title\">Ausbildung<\/div>\n            <div class=\"person-content\">\n               <p>\n                  P\u00e4dagogische Ausbildung am Lehrerseminar Rorschach<br \/>\r\nBerufsbegleitende Ausbildung in Kommunikation und PR<br \/>\r\nDiv. Fachkurse und Seminare in Unternehmensf\u00fchrung und Management               <\/p>\n            <\/div>\n         <\/div>\n      <\/div><div class=\"person-box2 person-box\" style=\"background: \">\n         <div class=\"person-box-inner\">\n            <div class=\"person-title\">Engagement<\/div>\n            <div class=\"person-content\">\n               <p>\n                  Politisches Engagement als Gemeinde-, Kantons- und Nationalrat f\u00fcr die FDP St.Gallen<br \/>\r\nMilit\u00e4rische Funktionen bis zum Bat-Kdt (Major)<br \/>\r\nPr\u00e4sident KVS Kunststoff Verband Schweiz<br \/>\r\nPr\u00e4sident Schweiz. Verpackungs-Institut SVI<br \/>\r\nPr\u00e4sident RevierJagd St.Gallen               <\/p>\n            <\/div>\n         <\/div>\n      <\/div>\n      <div class=\"person-box3 person-box\" style=\"background: \">\n         <div class=\"person-box-inner\">\n            <div class=\"person-title\">Berufserfahrung<\/div>\n            <div class=\"person-content\">\n               <p>\n                  Mehrj\u00e4hrige Lehrt\u00e4tigkeit<br \/>\r\nRadioredaktor und \u2013Moderator<br \/>\r\nPartei- und Fraktionssekret\u00e4r FDP St.Gallen<br \/>\r\nSelbst\u00e4ndiger Unternehmer mit Unternehmen im Bereich Kommunikation und Medien<br \/>\r\nPr\u00e4sident verschiedener nationaler Verb\u00e4nde<br \/>\r\nHeute: Investor und Vollzeitverwaltungsrat               <\/p>\n            <\/div>\n         <\/div>\n      <\/div><div class=\"person-box4 person-box\" style=\"background: \">\n         <div class=\"person-box-inner\">\n            <div class=\"person-title\">Was mir wichtig ist<\/div>\n            <div class=\"person-content\">\n               <p>\n                  Fairness und Loyalit\u00e4t<br \/>\r\nPers\u00f6nliches Engagement und Identifikation<br \/>\r\nRaum f\u00fcr Eigeninitiative und Selbstverantwortung<br \/>\r\nZur eigenen Meinung stehen und diese selbstbewusst vertreten               <\/p>\n            <\/div>\n         <\/div>\n      <\/div> \n   <\/div>\n<\/div>\n\n<style>\n    #person-b-1427 .person-box{\n        height: 250px;\n    }\n    @media(max-width:1024px){\n        #person-b-1427 .person-box{\n            height: auto!important;;\n        }\n    }\n<\/style>\n<div id=\"person-b-1427\" class=\"person-team-boxes\">\n   <h2 class=\"person-name\">Steckbrief Tino Leoni<\/h2>\n      <h4 class=\"person-name2\">Mitglied des VR \/ Vertriebsunterst\u00fctzung<\/h4>\n      <img decoding=\"async\" class=\"preson-photo\" src=\"https:\/\/qrmodul.ch\/wp-content\/uploads\/2020\/08\/Portrait-Tino-neu-Quadrat-scaled.jpg\"> \n   <div class=\"person-boxes\">\n       <div class=\"person-box1 person-box\" style=\"background: #7f7f7f\">\n         <div class=\"person-box-inner\">\n            <div class=\"person-title\">Ausbildung<\/div>\n            <div class=\"person-content\">\n               <p>\n                  Technische Berufslehre in Z\u00fcrich (4 Jahre)<br \/>\r\nTechnische Beruftsmaturit\u00e4t f\u00fcr Erwachsene<br \/>\r\nEidg. Dipl. Betriebs\u00f6konom FH<br \/>\r\nExcellence in Key Account Management (HSG)<br \/>\r\nCAS Digital Finance (HWZ)               <\/p>\n            <\/div>\n         <\/div>\n      <\/div><div class=\"person-box2 person-box\" style=\"background: #134074\">\n         <div class=\"person-box-inner\">\n            <div class=\"person-title\">Berufserfahrung<\/div>\n            <div class=\"person-content\">\n               <p>\n                  22 Jahre Erfahrung in der Finanzindustrie als Sales Executive, Key Account<br \/>\r\nManagement, Business Develoment &amp; Marketing<br \/>\r\nSIX (Business Unit Financial Information), Sales Executive &amp; Senior Account<br \/>\r\nManager<br \/>\r\nWeb Financial Group, Director Sales CH &amp; LIE<br \/>\r\nUnitek Engineering AG, Business Development Manager               <\/p>\n            <\/div>\n         <\/div>\n      <\/div>\n      <div class=\"person-box3 person-box\" style=\"background: #51690d\">\n         <div class=\"person-box-inner\">\n            <div class=\"person-title\">Engagement<\/div>\n            <div class=\"person-content\">\n               <p>\n                  1998-2005 Ehrenamtliche Jugendarbeit<br \/>\r\n2000-2010 J&amp;S Leiter \/ Skifahren<br \/>\r\n2004-2008 Mitglied der SP Stadt Z\u00fcrich<br \/>\r\n2019 \/2020 Gr\u00fcndungsberater \/ Vertriebsunterst\u00fctzung \/ QR Modul               <\/p>\n            <\/div>\n         <\/div>\n      <\/div><div class=\"person-box4 person-box\" style=\"background: #8c7051\">\n         <div class=\"person-box-inner\">\n            <div class=\"person-title\">Was mir wichtig ist<\/div>\n            <div class=\"person-content\">\n               <p>\n                  Gemeinsam Werte schaffen und Ziele erreichen<br \/>\r\nKundenbed\u00fcrfnisse stehen im Zentrum meiner Arbeit<br \/>\r\nNichts ist unm\u00f6glich. Jeder Anfang beginnt mit dem ersten Schritt.               <\/p>\n            <\/div>\n         <\/div>\n      <\/div> \n   <\/div>\n<\/div>\n\n\n<\/div><\/section><\/div>\n<div  style='height:50px' class='hr hr-invisible   avia-builder-el-17  el_after_av_one_full  el_before_av_section  avia-builder-el-last '><span class='hr-inner ' ><span class='hr-inner-style'><\/span><\/span><\/div>\n<\/div><\/div><\/div><!-- close content main div --><\/div><\/div><div id='av_section_1'  class='avia-section main_color avia-section-default avia-no-border-styling  avia-bg-style-scroll  avia-builder-el-18  el_after_av_hr  avia-builder-el-last   container_wrap fullsize' style='background-repeat: no-repeat; background-image: url(https:\/\/qrmodul.ch\/wp-content\/uploads\/2020\/08\/QR-Module-picture.png);background-attachment: scroll; background-position: bottom center;  '  data-section-bg-repeat='no-repeat'><div class='container' ><div class='template-page content  av-content-full alpha units'><div class='post-entry post-entry-type-page post-entry-1151'><div class='entry-content-wrapper clearfix'>\n<div  style='height:50px' class='hr hr-invisible   avia-builder-el-19  el_before_av_two_fifth  avia-builder-el-first '><span class='hr-inner ' ><span class='hr-inner-style'><\/span><\/span><\/div>\n<div class=\"flex_column av_two_fifth  flex_column_div av-zero-column-padding first  avia-builder-el-20  el_after_av_hr  el_before_av_three_fifth  \" style='border-radius:0px; ' id=\"address-box\" ><p><div  style='padding-bottom:10px; ' class='av-special-heading av-special-heading-h3  blockquote modern-quote  avia-builder-el-21  el_before_av_textblock  avia-builder-el-first  '><h3 class='av-special-heading-tag '  itemprop=\"headline\"  >Contact<\/h3><div class='special-heading-border'><div class='special-heading-inner-border' ><\/div><\/div><\/div><br \/>\n<section class=\"av_textblock_section \"  itemscope=\"itemscope\" itemtype=\"https:\/\/schema.org\/CreativeWork\" ><div class='avia_textblock  '   itemprop=\"text\" ><p>Schwarzenbach PME Services SA<br \/>\nKirchgasse 26<br \/>\n8001 Zurich<br \/>\nSuisse<\/p>\n<p>Courrier \u00e9lectronique: info@qrmodul.ch<\/p>\n<\/div><\/section><\/p><\/div><div class=\"flex_column av_three_fifth  flex_column_div av-zero-column-padding   avia-builder-el-23  el_after_av_two_fifth  avia-builder-el-last  \" style='border-radius:0px; ' id=\"address-box\" ><p><div  style='padding-bottom:10px; ' class='av-special-heading av-special-heading-h3  blockquote modern-quote  avia-builder-el-24  el_before_av_contact  avia-builder-el-first  '><h3 class='av-special-heading-tag '  itemprop=\"headline\"  >Formulaire de contact <\/h3><div class='special-heading-border'><div class='special-heading-inner-border' ><\/div><\/div><\/div><br \/>\n<form action=\"https:\/\/qrmodul.ch\/fr\/a-propos-de-nous\/\" method=\"post\"  class=\"avia_ajax_form av-form-labels-hidden   avia-builder-el-25  el_after_av_heading  avia-builder-el-last   \" data-avia-form-id=\"1\" data-avia-redirect='' ><fieldset><p class='  first_form  form_element form_fullwidth' id='element_avia_1_1'><label for=\"avia_1_1\">Courrier \u00e9lectronique <abbr class=\"required\" title=\"requis\">*<\/abbr><\/label> <input name=\"avia_1_1\" class=\"text_input is_email\" type=\"text\" id=\"avia_1_1\" value=\"\"  placeholder='Courrier \u00e9lectronique*'\/><\/p><p class='  first_form  form_element form_fullwidth' id='element_avia_2_1'><label for=\"avia_2_1\" class=\"textare_label hidden textare_label_avia_2_1\">Message <abbr class=\"required\" title=\"requis\">*<\/abbr><\/label><textarea  placeholder='Message*' name=\"avia_2_1\" class=\"text_area is_empty\" cols=\"40\" rows=\"7\" id=\"avia_2_1\" ><\/textarea><\/p><p class=\"hidden\"><input type=\"text\" name=\"avia_3_1\" class=\"hidden \" id=\"avia_3_1\" value=\"\" \/><\/p><p class='   form_element form_fullwidth' id='element_avia_4_1'><span class='value_verifier_label'>2 + 1 = ?<\/span><input name=\"avia_4_1_verifier\" type=\"hidden\" id=\"avia_4_1_verifier\" value=\"286435174\"\/><label for=\"avia_4_1\">Pour prouver que vous \u00eates un humain, donnez le r\u00e9sultat de cette simple op\u00e9ration <abbr class=\"required\" title=\"requis\">*<\/abbr><\/label><input name=\"avia_4_1\" class=\"text_input captcha\" type=\"text\" id=\"avia_4_1\" value=\"\"\/><\/p><p class=\"form_element \"><input type=\"hidden\" value=\"1\" name=\"avia_generated_form1\" \/><input type=\"submit\" value=\"Envoyer\" class=\"button\"  data-sending-label=\"Envoi\"\/><\/p><\/fieldset><\/form><div id=\"ajaxresponse_1\" class=\"ajaxresponse ajaxresponse_1 hidden\"><\/div><\/p><\/div>\n","protected":false},"excerpt":{"rendered":"","protected":false},"author":1,"featured_media":0,"parent":0,"menu_order":0,"comment_status":"closed","ping_status":"closed","template":"","meta":{"om_disable_all_campaigns":false,"_monsterinsights_skip_tracking":false,"_monsterinsights_sitenote_active":false,"_monsterinsights_sitenote_note":"","_monsterinsights_sitenote_category":0,"_uf_show_specific_survey":0,"_uf_disable_surveys":false,"footnotes":""},"class_list":["post-1151","page","type-page","status-publish","hentry"],"_links":{"self":[{"href":"https:\/\/qrmodul.ch\/fr\/wp-json\/wp\/v2\/pages\/1151","targetHints":{"allow":["GET"]}}],"collection":[{"href":"https:\/\/qrmodul.ch\/fr\/wp-json\/wp\/v2\/pages"}],"about":[{"href":"https:\/\/qrmodul.ch\/fr\/wp-json\/wp\/v2\/types\/page"}],"author":[{"embeddable":true,"href":"https:\/\/qrmodul.ch\/fr\/wp-json\/wp\/v2\/users\/1"}],"replies":[{"embeddable":true,"href":"https:\/\/qrmodul.ch\/fr\/wp-json\/wp\/v2\/comments?post=1151"}],"version-history":[{"count":8,"href":"https:\/\/qrmodul.ch\/fr\/wp-json\/wp\/v2\/pages\/1151\/revisions"}],"predecessor-version":[{"id":4571,"href":"https:\/\/qrmodul.ch\/fr\/wp-json\/wp\/v2\/pages\/1151\/revisions\/4571"}],"wp:attachment":[{"href":"https:\/\/qrmodul.ch\/fr\/wp-json\/wp\/v2\/media?parent=1151"}],"curies":[{"name":"wp","href":"https:\/\/api.w.org\/{rel}","templated":true}]}}